{"id":2,"date":"2017-04-30T21:34:36","date_gmt":"2017-04-30T20:34:36","guid":{"rendered":"http:\/\/orgues-agde.fr\/?page_id=2"},"modified":"2019-08-20T16:46:11","modified_gmt":"2019-08-20T15:46:11","slug":"page-d-exemple","status":"publish","type":"page","link":"http:\/\/orgues-agde.fr\/index.php\/page-d-exemple\/","title":{"rendered":"L&#8217;Association"},"content":{"rendered":"<p style=\"padding-left: 30px;\">Constitu\u00e9e en D\u00e9cembre 2016 puis officiellement fond\u00e9e le 18 Mars 2017, Orgues en Val d&#8217;H\u00e9rault regroupe des amateurs d&#8217;orgues, organistes ou non, habitant \u00e0 Agde, Bessan, Marseillan, Montpellier, Villeneuve-l\u00e8s-B\u00e9ziers&#8230;<\/p>\n<p style=\"padding-left: 30px;\">Ses statuts sont disponibles <a href=\"http:\/\/orgues-agde.fr\/wp-content\/uploads\/2017\/04\/Association-Orgues-en-Agde_Statuts_Version-approuv\u00e9e-le-10122016.compressed2.pdf\">ici<\/a>.<\/p>\n<p><span style=\"color: #800080;\"><strong>Sa vocation est<\/strong><\/span><\/p>\n<ul>\n<li><strong>de rassembler tous ceux qui aiment l\u2019orgue, organistes ou non\u00a0;<\/strong><br \/>\n<em>notamment parmi les habitants de l\u2019agglom\u00e9ration H\u00e9rault-M\u00e9diterran\u00e9e.<br \/>\n<\/em><span style=\"color: #800080;\"><em>\u00ab\u00a0\u2026dans le plus modeste des \u00e9difices, la musique sacr\u00e9e escorte et conforte l\u2019action liturgique tout au long de son d\u00e9roulement<\/em><\/span><em><span style=\"color: #800080;\">.<\/span>\u00a0<\/em><a href=\"#_ftn1\" name=\"_ftnref1\">[1]<\/a><\/li>\n<li><strong>de pr\u00e9parer l\u2019avenir en formant des organistes de tous \u00e2ges<\/strong>\u00a0;<br \/>\n<em>par la cr\u00e9ation d\u2019une classe d\u2019orgue ouverte aussi bien \u00e0 aux jeunes qu\u2019aux adultes.<br \/>\n<\/em><span style=\"color: #800080;\"><em>\u00ab\u00a0Chaque organiste se souvient qu\u2019il a acquis un savoir-faire en servant la liturgie. Il veille donc \u00e0 le transmettre \u00e0 tout organiste d\u00e9butant (\u2026) beaucoup trop de paroisses h\u00e9sitent \u00e0 investir dans la formation d\u2019un jeune qui risque ensuite de partir s\u2019installer ailleurs. Il faut penser qu\u2019une formation acquise servira ailleurs ; il faut donc d\u00e9passer les r\u00e9alit\u00e9s locales\u00a0\u00bb<sup>1<\/sup><\/em><\/span><\/li>\n<li><strong>de faire vivre les instruments de notre territoire<\/strong>\u00a0;<br \/>\n<em>en d\u00e9veloppant, par concertation avec d\u2019autres associations de l\u2019agglom\u00e9ration, la compl\u00e9mentarit\u00e9 d\u2019\u00e9v\u00e8nements o\u00f9 l\u2019orgue sera mis en valeur.<br \/>\n<\/em><span style=\"color: #800080;\"><em>\u00ab\u00a0<\/em><em>La multiplicit\u00e9 des sons de l\u2019orgue et son aptitude \u00e0 les m\u00e9langer font de lui un instrument dont le caract\u00e8re communautaire est \u00e9vident: il est le symbole vivant de l\u2019unit\u00e9 dans la diversit\u00e9..\u00a0.\u00bb<sup>1<\/sup><\/em><\/span><\/li>\n<li><strong>de contribuer \u00e0 la sauvegarde du patrimoine en pays d\u2019Agde<\/strong><br \/>\n<em>en constituant un r\u00e9seau d\u2019organistes \u00e0 m\u00eame de jouer r\u00e9guli\u00e8rement les instruments, on contribue \u00e0 sauvegarder les instruments tout en d\u00e9veloppant la connaissance des diff\u00e9rents orgues par \u00a0les organistes.<br \/>\n<\/em><span style=\"color: #800080;\"><em>\u00ab\u00a0\u2026nombre d\u2019\u00e9glises ne sont pas dot\u00e9es d\u2019orgues \u00e0 tuyaux ; mais les personnes qui sont oblig\u00e9es de jouer sur d\u2019autres instruments \u00e0 clavier sont h\u00e9riti\u00e8res de cette longue tradition.\u00a0\u00bb<sup>1<\/sup><\/em><\/span><\/li>\n<\/ul>\n<p><a href=\"#_ftnref1\" name=\"_ftn1\">[1]<\/a> <em>In<\/em> <span style=\"color: #800080;\"><a href=\"http:\/\/liturgiecatholique.fr\/La-charte-des-organistes.html\">Charte des Organistes<\/a>, Paris, 28 Novembre 2000.<\/span><\/p>\n","protected":false},"excerpt":{"rendered":"<p>Constitu\u00e9e en D\u00e9cembre 2016 puis officiellement fond\u00e9e le 18 Mars 2017, Orgues en Val d&#8217;H\u00e9rault regroupe des amateurs d&#8217;orgues, organistes ou non, habitant \u00e0 Agde, Bessan, Marseillan, Montpellier, Villeneuve-l\u00e8s-B\u00e9ziers&#8230; Ses statuts sont disponibles ici. Sa vocation est de rassembler tous ceux qui aiment l\u2019orgue, organistes ou non\u00a0; notamment parmi les habitants de l\u2019agglom\u00e9ration H\u00e9rault-M\u00e9diterran\u00e9e. \u00ab\u00a0\u2026dans &hellip; <a href=\"http:\/\/orgues-agde.fr\/index.php\/page-d-exemple\/\" class=\"more-link\">Continue reading <span class=\"screen-reader-text\">L&#8217;Association<\/span><\/a><\/p>\n","protected":false},"author":1,"featured_media":0,"parent":0,"menu_order":0,"comment_status":"closed","ping_status":"open","template":"","meta":{"footnotes":""},"_links":{"self":[{"href":"http:\/\/orgues-agde.fr\/index.php\/wp-json\/wp\/v2\/pages\/2"}],"collection":[{"href":"http:\/\/orgues-agde.fr\/index.php\/wp-json\/wp\/v2\/pages"}],"about":[{"href":"http:\/\/orgues-agde.fr\/index.php\/wp-json\/wp\/v2\/types\/page"}],"author":[{"embeddable":true,"href":"http:\/\/orgues-agde.fr\/index.php\/wp-json\/wp\/v2\/users\/1"}],"replies":[{"embeddable":true,"href":"http:\/\/orgues-agde.fr\/index.php\/wp-json\/wp\/v2\/comments?post=2"}],"version-history":[{"count":12,"href":"http:\/\/orgues-agde.fr\/index.php\/wp-json\/wp\/v2\/pages\/2\/revisions"}],"predecessor-version":[{"id":526,"href":"http:\/\/orgues-agde.fr\/index.php\/wp-json\/wp\/v2\/pages\/2\/revisions\/526"}],"wp:attachment":[{"href":"http:\/\/orgues-agde.fr\/index.php\/wp-json\/wp\/v2\/media?parent=2"}],"curies":[{"name":"wp","href":"https:\/\/api.w.org\/{rel}","templated":true}]}}